{"id":3924,"date":"2022-12-20T16:23:50","date_gmt":"2022-12-20T15:23:50","guid":{"rendered":"https:\/\/www.casaturchetti.com\/camere\/"},"modified":"2023-03-06T10:59:41","modified_gmt":"2023-03-06T09:59:41","slug":"chambres","status":"publish","type":"page","link":"https:\/\/www.casaturchetti.com\/fr\/chambres\/","title":{"rendered":"Chambres"},"content":{"rendered":"\t\t<div data-elementor-type=\"wp-page\" data-elementor-id=\"3924\" class=\"elementor elementor-3924\">\n\t\t\t\t\t\t\t\t\t<section class=\"elementor-section elementor-top-section elementor-element elementor-element-14f27ca elementor-section-full_width elementor-section-height-default elementor-section-height-default\" data-id=\"14f27ca\" data-element_type=\"section\">\n\t\t\t\t\t\t<div class=\"elementor-container elementor-column-gap-no\">\n\t\t\t\t\t<div class=\"elementor-column elementor-col-100 elementor-top-column elementor-element elementor-element-63385f2\" data-id=\"63385f2\" data-element_type=\"column\">\n\t\t\t<div class=\"elementor-widget-wrap elementor-element-populated\">\n\t\t\t\t\t\t\t\t<div class=\"elementor-element elementor-element-ffd1151 elementor-align-left appartamenti-header elementor-widget elementor-widget-pages-banner\" data-id=\"ffd1151\" data-element_type=\"widget\" data-widget_type=\"pages-banner.default\">\n\t\t\t\t<div class=\"elementor-widget-container\">\n\t\t\t\r\n\t\t\t\t<div class=\"banner-header section-padding valign bg-img bg-fixed\" data-overlay-dark=\"4\" data-background=\"https:\/\/www.casaturchetti.com\/wp-content\/uploads\/2022\/12\/casa-turchetti-appartamenti-header.jpg\">\r\n\t\t\t\t\t<div class=\"container\">\r\n\t\t\t\t<div class=\"row\">\r\n\t\t\t\t\t<div class=\"col-md-12 caption mt-90\">\r\n\t\t\t\t\t\t\t\t\t\t\t\t<h5>Casa Turchetti B&amp;B \u2013 H\u00f4tel-Boutique<\/h5>\r\n\t\t\t\t\t\t\t\t\t\t\t\t\t\t\t\t\t\t<h1>Chambres<\/h1>\r\n\t\t\t\t\t\t\t\t\t\t\t<\/div>\r\n\t\t\t\t<\/div>\r\n\t\t\t<\/div>\r\n\t\t<\/div>\r\n\r\n\t\t\t<\/div>\n\t\t\t\t<\/div>\n\t\t\t\t\t<\/div>\n\t\t<\/div>\n\t\t\t\t\t\t\t<\/div>\n\t\t<\/section>\n\t\t\t\t<section class=\"elementor-section elementor-top-section elementor-element elementor-element-96b4148 elementor-section-full_width room-list-descriprion-mb0 elementor-section-height-default elementor-section-height-default\" data-id=\"96b4148\" data-element_type=\"section\">\n\t\t\t\t\t\t<div class=\"elementor-container elementor-column-gap-no\">\n\t\t\t\t\t<div class=\"elementor-column elementor-col-100 elementor-top-column elementor-element elementor-element-de6a82b\" data-id=\"de6a82b\" data-element_type=\"column\">\n\t\t\t<div class=\"elementor-widget-wrap elementor-element-populated\">\n\t\t\t\t\t\t\t\t<div class=\"elementor-element elementor-element-afde0fa desc-col-2-title-center elementor-widget elementor-widget-pages-restaurant-content\" data-id=\"afde0fa\" data-element_type=\"widget\" data-widget_type=\"pages-restaurant-content.default\">\n\t\t\t\t<div class=\"elementor-widget-container\">\n\t\t\t\r\n\t\t<section class=\"rooms-page section-padding\" data-scroll-index=\"1\">\r\n\t\t\t<div class=\"container\">\r\n\t\t\t\t<div class=\"row\">\r\n\t\t\t\t\t<div class=\"col-md-12 text-left\"> \r\n\t\t\t\t\t\t<span>\r\n\t\t\t\t\t\t\t<img decoding=\"async\" class=\"casa-turchetti-heading-img bg-section-heading-black\" src=\"https:\/\/www.casaturchetti.com\/wp-content\/uploads\/2023\/02\/casa-turchetti-heading.png\" \/>\r\n\t\t\t\t\t\t\t<img decoding=\"async\" class=\"casa-turchetti-heading-img bg-section-heading-light\" src=\"https:\/\/www.casaturchetti.com\/wp-content\/uploads\/2023\/02\/casa-turchetti-heading-light.png\" \/>\r\n\t\t\t\t\t\t<\/span>\r\n\t\t\t\t\t\t\t\t\t\t\t\t\t<div class=\"section-subtitle\">Casa Turchetti B&amp;B \u2013 H\u00f4tel-Boutique<\/div>\r\n\t\t\t\t\t\t\t\t\t\t\t\t\t\t\t\t\t\t\t<div class=\"section-title\">Hospitalit\u00e9 sicilienne avec passion<\/div>\r\n\t\t\t\t\t\t\t\t\t\t\t<\/div>\r\n\t\t\t\t\t<div class=\"col-md-12\">\r\n\t\t\t\t\t\t\t\t\t\t\t\t<div class=\"description-col-2\"><p class=\"mb-30 col-md-6\">La structure est situ\u00e9e dans l\u2019un des b\u00e2timents les plus pr\u00e9cieux de l\u2019architecture de Taormine de la fin du XIXe si\u00e8cle. Il appartenait aux religieuses de l\u2019op\u00e9ra Pia.    \n    <br \/><br \/>\n    Pendant la deuxi\u00e8me Guerre mondiale, il fut utilis\u00e9 comme base de commandement pour les soldats anglo-am\u00e9ricains, devenant ainsi une propri\u00e9t\u00e9 municipale transform\u00e9e en \u00e9cole primaire. Il doit son nom \u00e0 Maestro Turchetti, un musicien distingu\u00e9 qui vous a enseign\u00e9 plus tard comme acad\u00e9mie pour musiciens.<\/p>\n    \n    <p class=\"mb-30 col-md-6\">\u00c0 quelques m\u00e8tres de la place \u201cBelvedere\u201d, Casa Turchetti est situ\u00e9 au c\u0153ur de Taormina, dans une position presque centrale entre Porta Messina et Porta Catania. \n        <br \/><br \/>\n        L\u2019 H\u00f4tel-Boutique a \u00e9t\u00e9 r\u00e9cemment restaur\u00e9 \u00e0 la fois sur la fa\u00e7ade ext\u00e9rieure et \u00e0 l\u2019int\u00e9rieur, dans le respect total des b\u00e2timents existants et du go\u00fbt de la tradition architecturale locale. Dans toutes les chambres, parfaitement restaur\u00e9es, vous pourrez respirer l\u2019atmosph\u00e8re typique des habitations siciliennes du XIXe si\u00e8cle.\n        <\/p><\/div>\t\t\t\t\t\t\t\t\t\t\t\t<ul class=\"list-unstyled page-list mb-30\">\r\n\t\t\t\t\t\t\t\t\t\t\t\t\t<\/ul>\r\n\t\t\t\t\t<\/div>\r\n\t\t\t\t<\/div>\r\n\t\t\t<\/div>\r\n\t\t<\/section>\r\n\r\n\t\t\t<\/div>\n\t\t\t\t<\/div>\n\t\t\t\t\t<\/div>\n\t\t<\/div>\n\t\t\t\t\t\t\t<\/div>\n\t\t<\/section>\n\t\t\t\t<section class=\"elementor-section elementor-top-section elementor-element elementor-element-a4cd1fa elementor-section-full_width section-no-padding-top room-list-no-mb elementor-section-height-default elementor-section-height-default\" data-id=\"a4cd1fa\" data-element_type=\"section\">\n\t\t\t\t\t\t<div class=\"elementor-container elementor-column-gap-no\">\n\t\t\t\t\t<div class=\"elementor-column elementor-col-100 elementor-top-column elementor-element elementor-element-211a874\" data-id=\"211a874\" data-element_type=\"column\">\n\t\t\t<div class=\"elementor-widget-wrap elementor-element-populated\">\n\t\t\t\t\t\t\t\t<div class=\"elementor-element elementor-element-03869a8 elementor-align-left elementor-widget elementor-widget-pages-room\" data-id=\"03869a8\" data-element_type=\"widget\" data-widget_type=\"pages-room.default\">\n\t\t\t\t<div class=\"elementor-widget-container\">\n\t\t\t\r\n\t\t<section class=\"section-padding\">\r\n\t\t    <div class=\"container\">\r\n\t\t        <div class=\"row\">\r\n\t\t            <div class=\"col-md-12\">\r\n\t                \t\t                        \t                            <div class=\"rooms2 mb-90 animate-box\" data-animate-effect=\"fadeInUp\">\r\n\t                                <figure><img decoding=\"async\" src=\"https:\/\/www.casaturchetti.com\/wp-content\/uploads\/2022\/12\/casa-turchetti-camera-turchetti-001-3.jpg\" alt=\"\" class=\"img-fluid\"><\/figure>\r\n\t                                <div class=\"caption\">\r\n\t                                    <h3><\/h3>\r\n\t                                    <h4><a href=\"https:\/\/www.casaturchetti.com\/fr\/room\/turchetti\/\">Turchetti<\/a><\/h4>\r\n\t                                    <p>\t                                        Suite Junior avec balcon et vue lat\u00e9rale sur la mer La chambre Turchetti dispose...<\/p>\r\n\t                                    <div class=\"row room-facilities facilities-col-3\">\r\n\t                                    \t<div class=\"col-md-12\">\r\n\t                                    \t\t<ul>\r\n\t\t\t                                        <ul>\n<li><i class=\"flaticon-group\"><\/i> 4 personnes<\/li>\n<li><i class=\"ti-fullscreen\"><\/i> 30m\u00b2<\/li>\n<\/ul>\n\t\t\t                                    <\/ul>\r\n\t\t                                    <\/div>\r\n\t                                    <\/div>\r\n\t                                    <hr class=\"border-2\">\r\n\t                                    <div class=\"info-wrapper\">\r\n\t                                        <div class=\"more\"><a href=\"https:\/\/www.casaturchetti.com\/fr\/room\/turchetti\/\" class=\"link-btn\" tabindex=\"0\"> <i class=\"ti-arrow-right\"><\/i><\/a><\/div>\r\n\t                                        <div class=\"butn-dark\"> <a href=\"https:\/\/casaturchetti.beddy.io?lang=fr\" target=\"_blank\"><span><\/span><\/a> <\/div>\r\n\t                                    <\/div>\r\n\t                                <\/div>\r\n\t                            <\/div>\r\n\t                        \t                    \t                        \t                            <div  class=\"rooms2 mb-90 left animate-box\" data-animate-effect=\"fadeInUp\">\r\n\t                                <figure><img decoding=\"async\" src=\"https:\/\/www.casaturchetti.com\/wp-content\/uploads\/2022\/12\/casa-turchetti-camera-piano-002.jpg\" alt=\"\" class=\"img-fluid\"><\/figure>\r\n\t                                <div class=\"caption padding-left\">\r\n\t                                    <h3><\/h3>\r\n\t                                    <h4><a href=\"https:\/\/www.casaturchetti.com\/fr\/room\/piano\/\">Piano<\/a><\/h4>\r\n\t                                    <p>\t                                        Chambre twin standard avec balcon (lits s\u00e9par\u00e9s) La chambre Piano a un lit simple...<\/p>\r\n\t                                    <div class=\"row room-facilities facilities-col-3\">\r\n\t                                        <div class=\"col-md-12\">\r\n\t\t                                        <ul>\r\n\t\t                                        \t<ul>\n<li><i class=\"flaticon-group\"><\/i> 2 personnes<\/li>\n<li><i class=\"ti-fullscreen\"><\/i> 19m\u00b2<\/li>\n<\/ul>\n\t\t                                        <\/ul>\r\n\t\t                                    <\/div>\r\n\t                                    <\/div>\r\n\t                                    <hr class=\"border-2\">\r\n\t                                    <div class=\"info-wrapper\">\r\n\t                                        <div class=\"more\"><a href=\"https:\/\/www.casaturchetti.com\/fr\/room\/piano\/\" class=\"link-btn\" tabindex=\"0\"> <i class=\"ti-arrow-right\"><\/i><\/a><\/div>\r\n\t                                        <div class=\"butn-dark\"> <a href=\"https:\/\/casaturchetti.beddy.io?lang=fr\" target=\"_blank\"><span><\/span><\/a> <\/div>\r\n\t                                    <\/div>\r\n\t                                <\/div>\r\n\t                            <\/div>\r\n\t                        \t                    \t                        \t                            <div class=\"rooms2 mb-90 animate-box\" data-animate-effect=\"fadeInUp\">\r\n\t                                <figure><img decoding=\"async\" src=\"https:\/\/www.casaturchetti.com\/wp-content\/uploads\/2022\/12\/casa-turchetti-camera-lira-001-2.jpg\" alt=\"\" class=\"img-fluid\"><\/figure>\r\n\t                                <div class=\"caption\">\r\n\t                                    <h3><\/h3>\r\n\t                                    <h4><a href=\"https:\/\/www.casaturchetti.com\/fr\/room\/lira\/\">Lira<\/a><\/h4>\r\n\t                                    <p>\t                                        Chambre sup\u00e9rieure avec balcon La chambre Lira a un lit double et un fauteuil...<\/p>\r\n\t                                    <div class=\"row room-facilities facilities-col-3\">\r\n\t                                    \t<div class=\"col-md-12\">\r\n\t                                    \t\t<ul>\r\n\t\t\t                                        <ul>\n<li><i class=\"flaticon-group\"><\/i> 3 personnes<\/li>\n<li><i class=\"ti-fullscreen\"><\/i> 24m\u00b2<\/li>\n<\/ul>\n\t\t\t                                    <\/ul>\r\n\t\t                                    <\/div>\r\n\t                                    <\/div>\r\n\t                                    <hr class=\"border-2\">\r\n\t                                    <div class=\"info-wrapper\">\r\n\t                                        <div class=\"more\"><a href=\"https:\/\/www.casaturchetti.com\/fr\/room\/lira\/\" class=\"link-btn\" tabindex=\"0\"> <i class=\"ti-arrow-right\"><\/i><\/a><\/div>\r\n\t                                        <div class=\"butn-dark\"> <a href=\"https:\/\/casaturchetti.beddy.io?lang=fr\" target=\"_blank\"><span><\/span><\/a> <\/div>\r\n\t                                    <\/div>\r\n\t                                <\/div>\r\n\t                            <\/div>\r\n\t                        \t                    \t                        \t                            <div  class=\"rooms2 mb-90 left animate-box\" data-animate-effect=\"fadeInUp\">\r\n\t                                <figure><img decoding=\"async\" src=\"https:\/\/www.casaturchetti.com\/wp-content\/uploads\/2022\/12\/casa-turchetti-camera-flauto-001.jpg\" alt=\"\" class=\"img-fluid\"><\/figure>\r\n\t                                <div class=\"caption padding-left\">\r\n\t                                    <h3><\/h3>\r\n\t                                    <h4><a href=\"https:\/\/www.casaturchetti.com\/fr\/room\/flauto\/\">Flauto<\/a><\/h4>\r\n\t                                    <p>\t                                        Chambre sup\u00e9rieure avec balcon La chambre Flauto a un lit double. Salle de bain...<\/p>\r\n\t                                    <div class=\"row room-facilities facilities-col-3\">\r\n\t                                        <div class=\"col-md-12\">\r\n\t\t                                        <ul>\r\n\t\t                                        \t<ul>\n<li><i class=\"flaticon-group\"><\/i> 2 personnes<\/li>\n<li><i class=\"ti-fullscreen\"><\/i> 24m\u00b2<\/li>\n<\/ul>\n\t\t                                        <\/ul>\r\n\t\t                                    <\/div>\r\n\t                                    <\/div>\r\n\t                                    <hr class=\"border-2\">\r\n\t                                    <div class=\"info-wrapper\">\r\n\t                                        <div class=\"more\"><a href=\"https:\/\/www.casaturchetti.com\/fr\/room\/flauto\/\" class=\"link-btn\" tabindex=\"0\"> <i class=\"ti-arrow-right\"><\/i><\/a><\/div>\r\n\t                                        <div class=\"butn-dark\"> <a href=\"https:\/\/casaturchetti.beddy.io?lang=fr\" target=\"_blank\"><span><\/span><\/a> <\/div>\r\n\t                                    <\/div>\r\n\t                                <\/div>\r\n\t                            <\/div>\r\n\t                        \t                    \t                        \t                            <div class=\"rooms2 mb-90 animate-box\" data-animate-effect=\"fadeInUp\">\r\n\t                                <figure><img decoding=\"async\" src=\"https:\/\/www.casaturchetti.com\/wp-content\/uploads\/2022\/12\/casa-turchetti-homepage-camera-arpa-thumb-5.jpg\" alt=\"\" class=\"img-fluid\"><\/figure>\r\n\t                                <div class=\"caption\">\r\n\t                                    <h3><\/h3>\r\n\t                                    <h4><a href=\"https:\/\/www.casaturchetti.com\/fr\/room\/arpa\/\">Arpa<\/a><\/h4>\r\n\t                                    <p>\t                                        Chambre sup\u00e9rieure avec balcon La chambre Arpa dispose d&rsquo;un lit double et d&rsquo;un lit...<\/p>\r\n\t                                    <div class=\"row room-facilities facilities-col-3\">\r\n\t                                    \t<div class=\"col-md-12\">\r\n\t                                    \t\t<ul>\r\n\t\t\t                                        <ul>\n<li><i class=\"flaticon-group\"><\/i> 3 personnes<\/li>\n<li><i class=\"ti-fullscreen\"><\/i> 24m\u00b2<\/li>\n<\/ul>\n\t\t\t                                    <\/ul>\r\n\t\t                                    <\/div>\r\n\t                                    <\/div>\r\n\t                                    <hr class=\"border-2\">\r\n\t                                    <div class=\"info-wrapper\">\r\n\t                                        <div class=\"more\"><a href=\"https:\/\/www.casaturchetti.com\/fr\/room\/arpa\/\" class=\"link-btn\" tabindex=\"0\"> <i class=\"ti-arrow-right\"><\/i><\/a><\/div>\r\n\t                                        <div class=\"butn-dark\"> <a href=\"https:\/\/casaturchetti.beddy.io?lang=fr\" target=\"_blank\"><span><\/span><\/a> <\/div>\r\n\t                                    <\/div>\r\n\t                                <\/div>\r\n\t                            <\/div>\r\n\t                        \t                    \t                        \t                            <div  class=\"rooms2 mb-90 left animate-box\" data-animate-effect=\"fadeInUp\">\r\n\t                                <figure><img decoding=\"async\" src=\"https:\/\/www.casaturchetti.com\/wp-content\/uploads\/2022\/12\/casa-turchetti-camera-accademia-001.jpg\" alt=\"\" class=\"img-fluid\"><\/figure>\r\n\t                                <div class=\"caption padding-left\">\r\n\t                                    <h3><\/h3>\r\n\t                                    <h4><a href=\"https:\/\/www.casaturchetti.com\/fr\/room\/accademia\/\">Accademia<\/a><\/h4>\r\n\t                                    <p>\t                                        Chambre Suite Deluxe La suite Deluxe Accademia dispose de 2 lits doubles et d&rsquo;un...<\/p>\r\n\t                                    <div class=\"row room-facilities facilities-col-3\">\r\n\t                                        <div class=\"col-md-12\">\r\n\t\t                                        <ul>\r\n\t\t                                        \t<ul>\n<li><i class=\"flaticon-group\"><\/i> 5 personnes<\/li>\n<li><i class=\"ti-fullscreen\"><\/i> 75m\u00b2<\/li>\n<\/ul>\n\t\t                                        <\/ul>\r\n\t\t                                    <\/div>\r\n\t                                    <\/div>\r\n\t                                    <hr class=\"border-2\">\r\n\t                                    <div class=\"info-wrapper\">\r\n\t                                        <div class=\"more\"><a href=\"https:\/\/www.casaturchetti.com\/fr\/room\/accademia\/\" class=\"link-btn\" tabindex=\"0\"> <i class=\"ti-arrow-right\"><\/i><\/a><\/div>\r\n\t                                        <div class=\"butn-dark\"> <a href=\"https:\/\/casaturchetti.beddy.io?lang=fr\" target=\"_blank\"><span><\/span><\/a> <\/div>\r\n\t                                    <\/div>\r\n\t                                <\/div>\r\n\t                            <\/div>\r\n\t                        \t                    \t\t            <\/div>\r\n\t\t        <\/div>\r\n\t\t    <\/div>\r\n\t\t<\/section>\r\n\r\n\t\t\t<\/div>\n\t\t\t\t<\/div>\n\t\t\t\t\t<\/div>\n\t\t<\/div>\n\t\t\t\t\t\t\t<\/div>\n\t\t<\/section>\n\t\t\t\t<section class=\"elementor-section elementor-top-section elementor-element elementor-element-f5719a6 elementor-section-full_width elementor-section-height-default elementor-section-height-default\" data-id=\"f5719a6\" data-element_type=\"section\" data-settings=\"{&quot;background_background&quot;:&quot;classic&quot;}\">\n\t\t\t\t\t\t\t<div class=\"elementor-background-overlay\"><\/div>\n\t\t\t\t\t\t\t<div class=\"elementor-container elementor-column-gap-no\">\n\t\t\t\t\t<div class=\"elementor-column elementor-col-100 elementor-top-column elementor-element elementor-element-ed0c970\" data-id=\"ed0c970\" data-element_type=\"column\">\n\t\t\t<div class=\"elementor-widget-wrap elementor-element-populated\">\n\t\t\t\t\t\t\t\t<div class=\"elementor-element elementor-element-49d680a elementor-align-left white-text contactform-block elementor-widget elementor-widget-pages-contact\" data-id=\"49d680a\" data-element_type=\"widget\" data-widget_type=\"pages-contact.default\">\n\t\t\t\t<div class=\"elementor-widget-container\">\n\t\t\t\r\n\t\t<section class=\"contact section-padding\">\r\n\t\t\t<div class=\"container\">\r\n\t\t\t\t<div class=\"row mb-90\">\r\n\t\t\t\t\t<div class=\"col-md-6 mb-60\">\r\n\t\t\t\t\t\t\t\t\t\t\t\t<h3>Casa Turchetti\u00a0\u00e8 ubicata a\u00a0Taormina,\n<br \/> in provincia di Messina.<\/h3>\r\n\t\t\t\t\t\t\t\t\t\t\t\t\t\t\t\t\t\t\t\t\t\t\t\t<div class=\"reservations mb-30\">\r\n\t\t\t\t\t\t\t\t\t\t\t\t\t\t<div class=\"icon\"><span class=\"flaticon-location-pin\"><\/span><\/div>\r\n\t\t\t\t\t\t\t\t\t\t\t\t\t\t\t\t\t\t\t\t\t<div class=\"text\">\r\n\t\t\t\t\t\t\t\t<p>Dove siamo<\/p> <span class=\"no-link-size\">Salita dei Gracchi 18\/20\n<br>Taormina (ME), Sicilia<\/span>\t\t\t\t\t\t\t<\/div>\r\n\t\t\t\t\t\t\t\t\t\t\t\t\t<\/div>\r\n\t\t\t\t\t\t\t\t\t\t\t\t<div class=\"reservations mb-30\">\r\n\t\t\t\t\t\t\t\t\t\t\t\t\t\t<div class=\"icon\"><span class=\"flaticon-call\"><\/span><\/div>\r\n\t\t\t\t\t\t\t\t\t\t\t\t\t\t\t\t\t\t\t\t\t<div class=\"text\">\r\n\t\t\t\t\t\t\t\t<p>Telefono<\/p> <a href=\"tel:+390942625013\">+39 0942 625 013<\/a>\t\t\t\t\t\t\t<\/div>\r\n\t\t\t\t\t\t\t\t\t\t\t\t\t<\/div>\r\n\t\t\t\t\t\t\t\t\t\t\t\t<div class=\"reservations mb-30\">\r\n\t\t\t\t\t\t\t\t\t\t\t\t\t\t<div class=\"icon\"><span class=\"flaticon-envelope\"><\/span><\/div>\r\n\t\t\t\t\t\t\t\t\t\t\t\t\t\t\t\t\t\t\t\t\t<div class=\"text\">\r\n\t\t\t\t\t\t\t\t<p>E-mail<\/p> <a href=\"mailto:info@casaturchetti.com\">info@casaturchetti.com<\/a>\t\t\t\t\t\t\t<\/div>\r\n\t\t\t\t\t\t\t\t\t\t\t\t\t<\/div>\r\n\t\t\t\t\t\t\t\t\t\t\t<\/div>\r\n\t\t\t\t\t<div class=\"col-md-5 mb-30 offset-md-1\">\r\n\t\t\t\t\t\t\t\t\t\t\t\t<h3>Contattaci<\/h3>\r\n\t\t\t\t\t\t\t\t\t\t\t\t\t\t\t\t\t\t\n<div class=\"wpcf7 no-js\" id=\"wpcf7-f2214-o1\" lang=\"en-US\" dir=\"ltr\">\n<div class=\"screen-reader-response\"><p role=\"status\" aria-live=\"polite\" aria-atomic=\"true\"><\/p> <ul><\/ul><\/div>\n<form action=\"\/fr\/wp-json\/wp\/v2\/pages\/3924#wpcf7-f2214-o1\" method=\"post\" class=\"wpcf7-form init\" aria-label=\"Contact form\" novalidate=\"novalidate\" data-status=\"init\">\n<div style=\"display: none;\">\n<input type=\"hidden\" name=\"_wpcf7\" value=\"2214\" \/>\n<input type=\"hidden\" name=\"_wpcf7_version\" value=\"5.7.7\" \/>\n<input type=\"hidden\" name=\"_wpcf7_locale\" value=\"en_US\" \/>\n<input type=\"hidden\" name=\"_wpcf7_unit_tag\" value=\"wpcf7-f2214-o1\" \/>\n<input type=\"hidden\" name=\"_wpcf7_container_post\" value=\"0\" \/>\n<input type=\"hidden\" name=\"_wpcf7_posted_data_hash\" value=\"\" \/>\n<input type=\"hidden\" name=\"_wpcf7_recaptcha_response\" value=\"\" \/>\n<\/div>\n<div class=\"row\">\n\t<div class=\"col-md-6 form-group\">\n\t\t<p><span class=\"wpcf7-form-control-wrap\" data-name=\"your-name\"><input size=\"40\" class=\"wpcf7-form-control wpcf7-text wpcf7-validates-as-required\" aria-required=\"true\" aria-invalid=\"false\" placeholder=\"Nome e Cognome *\" value=\"\" type=\"text\" name=\"your-name\" \/><\/span>\n\t\t<\/p>\n\t<\/div>\n\t<div class=\"col-md-6 form-group\">\n\t\t<p><span class=\"wpcf7-form-control-wrap\" data-name=\"your-email\"><input size=\"40\" class=\"wpcf7-form-control wpcf7-text wpcf7-email wpcf7-validates-as-required wpcf7-validates-as-email\" aria-required=\"true\" aria-invalid=\"false\" placeholder=\"Indirizzo e-mail *\" value=\"\" type=\"email\" name=\"your-email\" \/><\/span>\n\t\t<\/p>\n\t<\/div>\n\t<div class=\"col-md-12 form-group\">\n\t\t<p><span class=\"wpcf7-form-control-wrap\" data-name=\"your-message\"><textarea cols=\"40\" rows=\"10\" class=\"wpcf7-form-control wpcf7-textarea wpcf7-validates-as-required\" id=\"message\" aria-required=\"true\" aria-invalid=\"false\" placeholder=\"Testo del messaggio *\" name=\"your-message\"><\/textarea><\/span>\n\t\t<\/p>\n\t<\/div>\n\t<div class=\"col-md-12 policy-block\">\n\t\t<p><span class=\"wpcf7-form-control-wrap\" data-name=\"privacy_policy\"><span class=\"wpcf7-form-control wpcf7-acceptance\"><span class=\"wpcf7-list-item\"><label><input type=\"checkbox\" name=\"privacy_policy\" value=\"1\" class=\"privacy_policy\" aria-invalid=\"false\" \/><span class=\"wpcf7-list-item-label\"><a data-fancybox=\"\" data-type=\"iframe\" href=\"https:\/\/www.casaturchetti.com\/policy\/privacy_it.php\" class=\"policy\" target=\"_blank\"> Autorizzo il trattamento dei dati personali ai sensi dell\u2019Art. 7 del D.lgs. 196\/2003<\/a><\/span><\/label><\/span><\/span><\/span>\n\t\t<\/p>\n\t<\/div>\n\t<div class=\"col-md-12\">\n\t\t<p><input class=\"wpcf7-form-control has-spinner wpcf7-submit butn-dark\" type=\"submit\" value=\"Invia messaggio\" \/>\n\t\t<\/p>\n\t<\/div>\n<\/div><div class=\"wpcf7-response-output\" aria-hidden=\"true\"><\/div>\n<\/form>\n<\/div>\n\t\t\t\t\t\t\t\t\t\t\t<\/div>\r\n\t\t\t\t<\/div>\r\n\t\t\t\t<!-- Map Section -->\r\n\t\t\t\t\t\t\t<\/div>\r\n\t\t<\/section>\r\n\t\t\r\n\r\n\t\t\t<\/div>\n\t\t\t\t<\/div>\n\t\t\t\t\t<\/div>\n\t\t<\/div>\n\t\t\t\t\t\t\t<\/div>\n\t\t<\/section>\n\t\t\t\t\t\t\t<\/div>\n\t\t","protected":false},"excerpt":{"rendered":"<p>Casa Turchetti B&amp;B \u2013 H\u00f4tel-Boutique Chambres Casa Turchetti B&amp;B \u2013 H\u00f4tel-Boutique Hospitalit\u00e9 sicilienne avec passion La structure est situ\u00e9e dans l\u2019un des b\u00e2timents les plus pr\u00e9cieux de l\u2019architecture de Taormine de la fin du XIXe si\u00e8cle. Il appartenait aux religieuses de l\u2019op\u00e9ra Pia. Pendant la deuxi\u00e8me Guerre mondiale, il fut utilis\u00e9 comme base de commandement [&hellip;]<\/p>\n","protected":false},"author":1,"featured_media":0,"parent":0,"menu_order":0,"comment_status":"closed","ping_status":"closed","template":"page-templates\/home.php","meta":[],"yoast_head":"<!-- This site is optimized with the Yoast SEO plugin v21.1 - https:\/\/yoast.com\/wordpress\/plugins\/seo\/ -->\n<title>Chambres \u2013 Casa Turchetti B&amp;B \u2013 H\u00f4tel-Boutique<\/title>\n<meta name=\"description\" content=\"Casa Turchetti a \u00e9t\u00e9 r\u00e9cemment r\u00e9nove\u00e9 sur la fa\u00e7ade ext\u00e9rieure et \u00e0 l\u2019int\u00e9rieur, dans le respect totals des b\u00e2timents existants et du go\u00fbt de la tradition architecturale locale.\" \/>\n<meta name=\"robots\" content=\"index, follow, max-snippet:-1, max-image-preview:large, max-video-preview:-1\" \/>\n<link rel=\"canonical\" href=\"https:\/\/www.casaturchetti.com\/fr\/chambres\/\" \/>\n<meta property=\"og:locale\" content=\"fr_FR\" \/>\n<meta property=\"og:type\" content=\"article\" \/>\n<meta property=\"og:title\" content=\"Chambres \u2013 Casa Turchetti B&amp;B \u2013 H\u00f4tel-Boutique\" \/>\n<meta property=\"og:description\" content=\"Casa Turchetti a \u00e9t\u00e9 r\u00e9cemment r\u00e9nove\u00e9 sur la fa\u00e7ade ext\u00e9rieure et \u00e0 l\u2019int\u00e9rieur, dans le respect totals des b\u00e2timents existants et du go\u00fbt de la tradition architecturale locale.\" \/>\n<meta property=\"og:url\" content=\"https:\/\/www.casaturchetti.com\/fr\/chambres\/\" \/>\n<meta property=\"og:site_name\" content=\"Casa Turchetti - Luxury B&amp;B\" \/>\n<meta property=\"article:modified_time\" content=\"2023-03-06T09:59:41+00:00\" \/>\n<meta property=\"og:image\" content=\"https:\/\/www.casaturchetti.com\/wp-content\/uploads\/2023\/02\/casa-turchetti-heading.png\" \/>\n<meta name=\"twitter:card\" content=\"summary_large_image\" \/>\n<meta name=\"twitter:label1\" content=\"Est. reading time\" \/>\n\t<meta name=\"twitter:data1\" content=\"2 minutes\" \/>\n<script type=\"application\/ld+json\" class=\"yoast-schema-graph\">{\"@context\":\"https:\/\/schema.org\",\"@graph\":[{\"@type\":\"WebPage\",\"@id\":\"https:\/\/www.casaturchetti.com\/fr\/chambres\/\",\"url\":\"https:\/\/www.casaturchetti.com\/fr\/chambres\/\",\"name\":\"Chambres \u2013 Casa Turchetti B&B \u2013 H\u00f4tel-Boutique\",\"isPartOf\":{\"@id\":\"https:\/\/www.casaturchetti.com\/#website\"},\"datePublished\":\"2022-12-20T15:23:50+00:00\",\"dateModified\":\"2023-03-06T09:59:41+00:00\",\"description\":\"Casa Turchetti a \u00e9t\u00e9 r\u00e9cemment r\u00e9nove\u00e9 sur la fa\u00e7ade ext\u00e9rieure et \u00e0 l\u2019int\u00e9rieur, dans le respect totals des b\u00e2timents existants et du go\u00fbt de la tradition architecturale locale.\",\"inLanguage\":\"fr-FR\",\"potentialAction\":[{\"@type\":\"ReadAction\",\"target\":[\"https:\/\/www.casaturchetti.com\/fr\/chambres\/\"]}]},{\"@type\":\"WebSite\",\"@id\":\"https:\/\/www.casaturchetti.com\/#website\",\"url\":\"https:\/\/www.casaturchetti.com\/\",\"name\":\"Casa Turchetti - Luxury B&amp;B\",\"description\":\"\",\"potentialAction\":[{\"@type\":\"SearchAction\",\"target\":{\"@type\":\"EntryPoint\",\"urlTemplate\":\"https:\/\/www.casaturchetti.com\/?s={search_term_string}\"},\"query-input\":\"required name=search_term_string\"}],\"inLanguage\":\"fr-FR\"}]}<\/script>\n<!-- \/ Yoast SEO plugin. -->","yoast_head_json":{"title":"Chambres \u2013 Casa Turchetti B&B \u2013 H\u00f4tel-Boutique","description":"Casa Turchetti a \u00e9t\u00e9 r\u00e9cemment r\u00e9nove\u00e9 sur la fa\u00e7ade ext\u00e9rieure et \u00e0 l\u2019int\u00e9rieur, dans le respect totals des b\u00e2timents existants et du go\u00fbt de la tradition architecturale locale.","robots":{"index":"index","follow":"follow","max-snippet":"max-snippet:-1","max-image-preview":"max-image-preview:large","max-video-preview":"max-video-preview:-1"},"canonical":"https:\/\/www.casaturchetti.com\/fr\/chambres\/","og_locale":"fr_FR","og_type":"article","og_title":"Chambres \u2013 Casa Turchetti B&B \u2013 H\u00f4tel-Boutique","og_description":"Casa Turchetti a \u00e9t\u00e9 r\u00e9cemment r\u00e9nove\u00e9 sur la fa\u00e7ade ext\u00e9rieure et \u00e0 l\u2019int\u00e9rieur, dans le respect totals des b\u00e2timents existants et du go\u00fbt de la tradition architecturale locale.","og_url":"https:\/\/www.casaturchetti.com\/fr\/chambres\/","og_site_name":"Casa Turchetti - Luxury B&amp;B","article_modified_time":"2023-03-06T09:59:41+00:00","og_image":[{"url":"https:\/\/www.casaturchetti.com\/wp-content\/uploads\/2023\/02\/casa-turchetti-heading.png"}],"twitter_card":"summary_large_image","twitter_misc":{"Est. reading time":"2 minutes"},"schema":{"@context":"https:\/\/schema.org","@graph":[{"@type":"WebPage","@id":"https:\/\/www.casaturchetti.com\/fr\/chambres\/","url":"https:\/\/www.casaturchetti.com\/fr\/chambres\/","name":"Chambres \u2013 Casa Turchetti B&B \u2013 H\u00f4tel-Boutique","isPartOf":{"@id":"https:\/\/www.casaturchetti.com\/#website"},"datePublished":"2022-12-20T15:23:50+00:00","dateModified":"2023-03-06T09:59:41+00:00","description":"Casa Turchetti a \u00e9t\u00e9 r\u00e9cemment r\u00e9nove\u00e9 sur la fa\u00e7ade ext\u00e9rieure et \u00e0 l\u2019int\u00e9rieur, dans le respect totals des b\u00e2timents existants et du go\u00fbt de la tradition architecturale locale.","inLanguage":"fr-FR","potentialAction":[{"@type":"ReadAction","target":["https:\/\/www.casaturchetti.com\/fr\/chambres\/"]}]},{"@type":"WebSite","@id":"https:\/\/www.casaturchetti.com\/#website","url":"https:\/\/www.casaturchetti.com\/","name":"Casa Turchetti - Luxury B&amp;B","description":"","potentialAction":[{"@type":"SearchAction","target":{"@type":"EntryPoint","urlTemplate":"https:\/\/www.casaturchetti.com\/?s={search_term_string}"},"query-input":"required name=search_term_string"}],"inLanguage":"fr-FR"}]}},"_links":{"self":[{"href":"https:\/\/www.casaturchetti.com\/fr\/wp-json\/wp\/v2\/pages\/3924"}],"collection":[{"href":"https:\/\/www.casaturchetti.com\/fr\/wp-json\/wp\/v2\/pages"}],"about":[{"href":"https:\/\/www.casaturchetti.com\/fr\/wp-json\/wp\/v2\/types\/page"}],"author":[{"embeddable":true,"href":"https:\/\/www.casaturchetti.com\/fr\/wp-json\/wp\/v2\/users\/1"}],"replies":[{"embeddable":true,"href":"https:\/\/www.casaturchetti.com\/fr\/wp-json\/wp\/v2\/comments?post=3924"}],"version-history":[{"count":5,"href":"https:\/\/www.casaturchetti.com\/fr\/wp-json\/wp\/v2\/pages\/3924\/revisions"}],"predecessor-version":[{"id":3929,"href":"https:\/\/www.casaturchetti.com\/fr\/wp-json\/wp\/v2\/pages\/3924\/revisions\/3929"}],"wp:attachment":[{"href":"https:\/\/www.casaturchetti.com\/fr\/wp-json\/wp\/v2\/media?parent=3924"}],"curies":[{"name":"wp","href":"https:\/\/api.w.org\/{rel}","templated":true}]}}